{"id":565,"date":"2023-01-02T16:03:46","date_gmt":"2023-01-02T15:03:46","guid":{"rendered":"http:\/\/www.asrenov.be\/?page_id=565"},"modified":"2023-01-02T18:21:08","modified_gmt":"2023-01-02T17:21:08","slug":"mentions-legales","status":"publish","type":"page","link":"https:\/\/www.asrenov.be\/?page_id=565","title":{"rendered":"Mentions l\u00e9gales"},"content":{"rendered":"\n<p>Il est pr\u00e9cis\u00e9 aux utilisateurs du site internet\u00a0<strong>www.asrenov.be\u00a0<\/strong>l\u2019identit\u00e9 des diff\u00e9rents intervenants dans le cadre de sa r\u00e9alisation et de son suivi :<\/p>\n\n\n\n<p><strong>\u00c9diteur\u00a0<\/strong>:\u00a0<strong>AS RENOV<\/strong><br><strong>TVA<\/strong>\u00a0:<strong>\u00a0<\/strong>BE 0746.556.540<br>Camille Fran\u00e7oisstraat n\u00b01, 1830 Machelen, BELGIQUE<\/p>\n\n\n\n<p><strong>Responsable de publication<\/strong>\u00a0:\u00a0<strong>SALIHI Arlind<\/strong><br><strong>T\u00e9l\u00e9phone<\/strong>\u00a0: +32 (0) 488 34 62 72<\/p>\n\n\n\n<p><strong>D\u00e9l\u00e9gu\u00e9 \u00e0 la protection des donn\u00e9es<\/strong>\u00a0:\u00a0<strong>SALIHI Arlind<\/strong>\u00a0\u2013 as-renov@outlook.com<br><strong>T\u00e9l\u00e9phone<\/strong>\u00a0: +32 (0) 488 34 62 72<\/p>\n\n\n\n<p><strong>Webmaster\/Concepteur graphique<\/strong>&nbsp;: REDZHEB Yozkan [<strong><a href=\"https:\/\/scrin.be\/\">SCRIN<\/a><\/strong>] \u2013 Avenue Albert Giraud n\u00b01, 1030 Bruxelles<br><strong>T\u00e9l\u00e9phone<\/strong>&nbsp;: +32 (0) 484 08 35 45<\/p>\n\n\n\n<p><strong>H\u00e9bergeur<\/strong>&nbsp;:&nbsp;<strong><a href=\"https:\/\/www.ovhcloud.com\/fr\/\">OVH<\/a><\/strong>&nbsp;\u2013&nbsp;<a href=\"mailto:support@ovh.net\" target=\"_blank\" rel=\"noreferrer noopener\">support@ovh.net<\/a>&nbsp;\u2013 2 rue Kellermann 59100 Roubaix<br><strong>T\u00e9l\u00e9phone<\/strong>&nbsp;: 1007<\/p>\n","protected":false},"excerpt":{"rendered":"<p>Il est pr\u00e9cis\u00e9 aux utilisateurs du site internet\u00a0www.asrenov.be\u00a0l\u2019identit\u00e9 des diff\u00e9rents intervenants dans le cadre de sa r\u00e9alisation et de son suivi : \u00c9diteur\u00a0:\u00a0AS RENOVTVA\u00a0:\u00a0BE 0746.556.540Camille Fran\u00e7oisstraat n\u00b01, 1830 Machelen, BELGIQUE Responsable de publication\u00a0:\u00a0SALIHI ArlindT\u00e9l\u00e9phone\u00a0: +32 (0) 488 34 62 72 D\u00e9l\u00e9gu\u00e9 \u00e0 la protection des donn\u00e9es\u00a0:\u00a0SALIHI Arlind\u00a0\u2013 as-renov@outlook.comT\u00e9l\u00e9phone\u00a0: +32 (0) 488 34 62 72 Webmaster\/Concepteur [&hellip;]<\/p>\n","protected":false},"author":1,"featured_media":0,"parent":0,"menu_order":0,"comment_status":"closed","ping_status":"closed","template":"","meta":{"footnotes":""},"class_list":["post-565","page","type-page","status-publish","hentry"],"_links":{"self":[{"href":"https:\/\/www.asrenov.be\/index.php?rest_route=\/wp\/v2\/pages\/565","targetHints":{"allow":["GET"]}}],"collection":[{"href":"https:\/\/www.asrenov.be\/index.php?rest_route=\/wp\/v2\/pages"}],"about":[{"href":"https:\/\/www.asrenov.be\/index.php?rest_route=\/wp\/v2\/types\/page"}],"author":[{"embeddable":true,"href":"https:\/\/www.asrenov.be\/index.php?rest_route=\/wp\/v2\/users\/1"}],"replies":[{"embeddable":true,"href":"https:\/\/www.asrenov.be\/index.php?rest_route=%2Fwp%2Fv2%2Fcomments&post=565"}],"version-history":[{"count":2,"href":"https:\/\/www.asrenov.be\/index.php?rest_route=\/wp\/v2\/pages\/565\/revisions"}],"predecessor-version":[{"id":716,"href":"https:\/\/www.asrenov.be\/index.php?rest_route=\/wp\/v2\/pages\/565\/revisions\/716"}],"wp:attachment":[{"href":"https:\/\/www.asrenov.be\/index.php?rest_route=%2Fwp%2Fv2%2Fmedia&parent=565"}],"curies":[{"name":"wp","href":"https:\/\/api.w.org\/{rel}","templated":true}]}}